{"id":61,"date":"2013-02-12T00:41:51","date_gmt":"2013-02-12T00:41:51","guid":{"rendered":"http:\/\/inspanamericano.edu.mx\/villaflores\/?page_id=61"},"modified":"2020-11-18T22:51:44","modified_gmt":"2020-11-18T22:51:44","slug":"prepa-abierta","status":"publish","type":"page","link":"https:\/\/inspanamericano.edu.mx\/villaflores\/oferta-educativa\/prepa-abierta\/","title":{"rendered":"Prepa Abierta"},"content":{"rendered":"<p>[et_pb_section fb_built=\u00bb1&#8243; admin_label=\u00bbCourse Hero\u00bb _builder_version=\u00bb3.22&#8243; use_background_color_gradient=\u00bbon\u00bb background_color_gradient_start=\u00bb#474ab6&#8243; background_color_gradient_end=\u00bb#9271f6&#8243; background_image=\u00bbhttps:\/\/inspanamericano.edu.mx\/villaflores\/wp-content\/uploads\/2020\/11\/coding-background-texture.jpg\u00bb background_blend=\u00bboverlay\u00bb min_height=\u00bb438px\u00bb custom_padding=\u00bb100px|0px|0px|0px||\u00bb animation_style=\u00bbslide\u00bb animation_direction=\u00bbtop\u00bb animation_intensity_slide=\u00bb2%\u00bb locked=\u00bboff\u00bb][et_pb_row column_structure=\u00bb1_2,1_2&#8243; _builder_version=\u00bb3.25&#8243; custom_margin=\u00bb-85px|auto||auto||\u00bb custom_padding=\u00bb||0px|||\u00bb custom_width_px=\u00bb1280px\u00bb][et_pb_column type=\u00bb1_2&#8243; _builder_version=\u00bb3.25&#8243; custom_padding=\u00bb|||\u00bb custom_padding__hover=\u00bb|||\u00bb][et_pb_text _builder_version=\u00bb3.27.4&#8243; header_font=\u00bb|on|||\u00bb header_font_size=\u00bb42px\u00bb header_line_height=\u00bb1.3em\u00bb background_layout=\u00bbdark\u00bb custom_padding=\u00bb|||\u00bb header_font_size_tablet=\u00bb\u00bb header_font_size_phone=\u00bb\u00bb header_font_size_last_edited=\u00bbon|desktop\u00bb locked=\u00bboff\u00bb]<\/p>\n<h1>Preparatoria Abierta <span style=\"font-size: large; color: rgba(255, 255, 255, 0.47);\"><\/span><\/h1>\n<p>[\/et_pb_text][et_pb_text _builder_version=\u00bb4.6.6&#8243; text_font=\u00bbLato||||||||\u00bb text_text_color=\u00bb#ffffff\u00bb text_font_size=\u00bb13px\u00bb header_font=\u00bb|on|||\u00bb header_font_size=\u00bb42px\u00bb header_line_height=\u00bb1.3em\u00bb background_layout=\u00bbdark\u00bb width=\u00bb88.9%\u00bb min_height=\u00bb95px\u00bb custom_padding=\u00bb|0px||||\u00bb header_font_size_tablet=\u00bb\u00bb header_font_size_phone=\u00bb\u00bb header_font_size_last_edited=\u00bbon|desktop\u00bb border_color_all=\u00bb#e02b20&#8243; locked=\u00bboff\u00bb]<\/p>\n<h5 style=\"text-align: justify;\">Es un sistema de educaci\u00f3n no escolarizada, creado por la Secretar\u00eda de Educaci\u00f3n P\u00fablica para todas aquellas personas que concluyeron la secundaria y desean iniciar o continuar sus estudios de bachillerato.\u00a0<span style=\"font-size: large; color: rgba(255, 255, 255, 0.47);\"><\/span><\/h5>\n<p>[\/et_pb_text][et_pb_text _builder_version=\u00bb3.27.4&#8243; text_text_color=\u00bb#d4ccff\u00bb text_font_size=\u00bb16px\u00bb text_line_height=\u00bb1.9em\u00bb locked=\u00bboff\u00bb][\/et_pb_text][\/et_pb_column][et_pb_column type=\u00bb1_2&#8243; _builder_version=\u00bb3.25&#8243; custom_padding=\u00bb|||\u00bb custom_padding__hover=\u00bb|||\u00bb][et_pb_image src=\u00bbhttps:\/\/inspanamericano.edu.mx\/villaflores\/wp-content\/uploads\/2020\/11\/LOGO-VILLAFLORES-01.png\u00bb title_text=\u00bbLOGO VILLAFLORES-01&#8243; align_tablet=\u00bbcenter\u00bb align_phone=\u00bb\u00bb align_last_edited=\u00bbon|desktop\u00bb _builder_version=\u00bb4.6.6&#8243; min_height=\u00bb356px\u00bb custom_padding=\u00bb||0px|||\u00bb animation_style=\u00bbzoom\u00bb animation_direction=\u00bbleft\u00bb animation_intensity_zoom=\u00bb20%\u00bb][\/et_pb_image][\/et_pb_column][\/et_pb_row][\/et_pb_section][et_pb_section fb_built=\u00bb1&#8243; _builder_version=\u00bb4.6.6&#8243; _module_preset=\u00bbdefault\u00bb min_height=\u00bb944px\u00bb][et_pb_row _builder_version=\u00bb4.6.6&#8243; _module_preset=\u00bbdefault\u00bb][et_pb_column type=\u00bb4_4&#8243; _builder_version=\u00bb4.6.6&#8243; _module_preset=\u00bbdefault\u00bb][et_pb_text _builder_version=\u00bb4.6.6&#8243; _module_preset=\u00bbdefault\u00bb animation_style=\u00bbzoom\u00bb hover_enabled=\u00bb0&#8243; sticky_enabled=\u00bb0&#8243;]<\/p>\n<h4 class=\"et_pb_module_header\" style=\"box-sizing: border-box; margin: 0px; padding: 0px 0px 10px; border: 0px; outline: 0px; font-size: 18px; text-size-adjust: 100%; vertical-align: baseline; background: #ffffff; color: #2e2545 !important; line-height: 1.5em; font-weight: bold; font-family: 'Open Sans', Arial, sans-serif; font-style: normal; font-variant-ligatures: normal; font-variant-caps: normal; letter-spacing: normal; orphans: 2; text-align: left; text-indent: 0px; text-transform: none; white-space: normal; widows: 2; word-spacing: 0px; -webkit-text-stroke-width: 0px; text-decoration-style: initial; text-decoration-color: initial;\"><a href=\"https:\/\/inspanamericano.edu.mx\/villaflores\/oferta-educativa\/prepa-abierta\/#\" style=\"box-sizing: border-box; margin: 0px; padding: 0px; border: 0px; outline: 0px; font-size: 18px; text-size-adjust: 100%; vertical-align: baseline; background: transparent; color: #2e2545 !important; text-decoration: none; font-weight: bold; line-height: 1.5em;\">Duraci\u00f3n:\u00a0<span style=\"color: #333333; font-family: helvetica; font-size: medium; font-style: normal; font-variant-ligatures: normal; font-variant-caps: normal; font-weight: 500; letter-spacing: normal; orphans: 2; text-align: left; text-indent: 0px; text-transform: none; white-space: normal; widows: 2; word-spacing: 0px; -webkit-text-stroke-width: 0px; background-color: #ffffff; text-decoration-style: initial; text-decoration-color: initial; display: inline !important; float: none;\">Para concluir el ciclo no se establecen tiempos. Promedio m\u00ednimo de\u00a0 un a\u00f1o, m\u00e1ximo a\u00f1o y medio.<\/span><\/a><\/h4>\n<p>[\/et_pb_text][\/et_pb_column][\/et_pb_row][et_pb_row _builder_version=\u00bb4.6.6&#8243; _module_preset=\u00bbdefault\u00bb custom_padding=\u00bb15px|||||\u00bb][et_pb_column type=\u00bb4_4&#8243; _builder_version=\u00bb4.6.6&#8243; _module_preset=\u00bbdefault\u00bb][et_pb_text _builder_version=\u00bb4.6.6&#8243; _module_preset=\u00bbdefault\u00bb animation_style=\u00bbzoom\u00bb hover_enabled=\u00bb0&#8243; sticky_enabled=\u00bb0&#8243;]<\/p>\n<h4 class=\"et_pb_module_header\" style=\"box-sizing: border-box; margin: 0px; padding: 0px 0px 10px; border: 0px; outline: 0px; font-size: 18px; text-size-adjust: 100%; vertical-align: baseline; background: #ffffff; color: #2e2545 !important; line-height: 1.5em; font-weight: bold; font-family: 'Open Sans', Arial, sans-serif; font-style: normal; font-variant-ligatures: normal; font-variant-caps: normal; letter-spacing: normal; orphans: 2; text-align: left; text-indent: 0px; text-transform: none; white-space: normal; widows: 2; word-spacing: 0px; -webkit-text-stroke-width: 0px; text-decoration-style: initial; text-decoration-color: initial;\"><a href=\"https:\/\/inspanamericano.edu.mx\/villaflores\/oferta-educativa\/prepa-abierta\/#\" style=\"box-sizing: border-box; margin: 0px; padding: 0px; border: 0px; outline: 0px; font-size: 18px; text-size-adjust: 100%; vertical-align: baseline; background: transparent; color: #2e2545 !important; text-decoration: none; font-weight: bold; line-height: 1.5em;\">Per\u00edodos:\u00a0 <span style=\"color: #333333; font-family: helvetica; font-size: medium; font-style: normal; font-variant-ligatures: normal; font-variant-caps: normal; font-weight: 500; letter-spacing: normal; orphans: 2; text-align: left; text-indent: 0px; text-transform: none; white-space: normal; widows: 2; word-spacing: 0px; -webkit-text-stroke-width: 0px; background-color: #ffffff; text-decoration-style: initial; text-decoration-color: initial; display: inline !important; float: none;\">La solicitud y presentaci\u00f3n de ex\u00e1menes se realiza durante todo el a\u00f1o, en fases quincenales y est\u00e1 programada por etapas mensuales, de acuerdo al \u201cCalendario de Solicitud y\u00a0\u00a0Presentaci\u00f3n.<\/span><\/a><\/h4>\n<h4 class=\"et_pb_module_header\" style=\"box-sizing: border-box; margin: 0px; padding: 0px 0px 10px; border: 0px; outline: 0px; font-size: 18px; text-size-adjust: 100%; vertical-align: baseline; background: #ffffff; color: #2e2545 !important; line-height: 1.5em; font-weight: bold; font-family: 'Open Sans', Arial, sans-serif; font-style: normal; font-variant-ligatures: normal; font-variant-caps: normal; letter-spacing: normal; orphans: 2; text-align: left; text-indent: 0px; text-transform: none; white-space: normal; widows: 2; word-spacing: 0px; -webkit-text-stroke-width: 0px; text-decoration-style: initial; text-decoration-color: initial;\"><a href=\"https:\/\/inspanamericano.edu.mx\/villaflores\/oferta-educativa\/prepa-abierta\/#\" style=\"box-sizing: border-box; margin: 0px; padding: 0px; border: 0px; outline: 0px; font-size: 18px; text-size-adjust: 100%; vertical-align: baseline; background: transparent; color: #2e2545 !important; text-decoration: none; font-weight: bold; line-height: 1.5em;\"><span style=\"color: #333333; font-family: helvetica; font-size: medium; font-style: normal; font-variant-ligatures: normal; font-variant-caps: normal; font-weight: 500; letter-spacing: normal; orphans: 2; text-align: left; text-indent: 0px; text-transform: none; white-space: normal; widows: 2; word-spacing: 0px; -webkit-text-stroke-width: 0px; background-color: #ffffff; text-decoration-style: initial; text-decoration-color: initial; display: inline !important; float: none;\"><\/span><\/a><\/h4>\n<p>[\/et_pb_text][\/et_pb_column][\/et_pb_row][et_pb_row _builder_version=\u00bb4.6.6&#8243; _module_preset=\u00bbdefault\u00bb][et_pb_column type=\u00bb4_4&#8243; _builder_version=\u00bb4.6.6&#8243; _module_preset=\u00bbdefault\u00bb][et_pb_image src=\u00bbhttps:\/\/inspanamericano.edu.mx\/villaflores\/wp-content\/uploads\/2020\/11\/Plan-de-estudios-Prepa-Abierta-01-01.png\u00bb title_text=\u00bbPlan-de-estudios-Prepa-Abierta-01-01&#8243; _builder_version=\u00bb4.6.6&#8243; _module_preset=\u00bbdefault\u00bb animation_style=\u00bbzoom\u00bb hover_enabled=\u00bb0&#8243; sticky_enabled=\u00bb0&#8243;][\/et_pb_image][\/et_pb_column][\/et_pb_row][\/et_pb_section]<\/p>\n","protected":false},"excerpt":{"rendered":"<p>[et_pb_section fb_built=\u00bb1&#8243; admin_label=\u00bbCourse Hero\u00bb _builder_version=\u00bb3.22&#8243; use_background_color_gradient=\u00bbon\u00bb background_color_gradient_start=\u00bb#474ab6&#8243; background_color_gradient_end=\u00bb#9271f6&#8243; background_image=\u00bbhttps:\/\/inspanamericano.edu.mx\/villaflores\/wp-content\/uploads\/2020\/11\/coding-background-texture.jpg\u00bb background_blend=\u00bboverlay\u00bb min_height=\u00bb438px\u00bb custom_padding=\u00bb100px|0px|0px|0px||\u00bb animation_style=\u00bbslide\u00bb animation_direction=\u00bbtop\u00bb animation_intensity_slide=\u00bb2%\u00bb locked=\u00bboff\u00bb][et_pb_row column_structure=\u00bb1_2,1_2&#8243; _builder_version=\u00bb3.25&#8243; custom_margin=\u00bb-85px|auto||auto||\u00bb custom_padding=\u00bb||0px|||\u00bb custom_width_px=\u00bb1280px\u00bb][et_pb_column type=\u00bb1_2&#8243; _builder_version=\u00bb3.25&#8243; custom_padding=\u00bb|||\u00bb custom_padding__hover=\u00bb|||\u00bb][et_pb_text _builder_version=\u00bb3.27.4&#8243; header_font=\u00bb|on|||\u00bb header_font_size=\u00bb42px\u00bb header_line_height=\u00bb1.3em\u00bb background_layout=\u00bbdark\u00bb custom_padding=\u00bb|||\u00bb header_font_size_tablet=\u00bb\u00bb header_font_size_phone=\u00bb\u00bb header_font_size_last_edited=\u00bbon|desktop\u00bb locked=\u00bboff\u00bb] Preparatoria Abierta [\/et_pb_text][et_pb_text _builder_version=\u00bb4.6.6&#8243; text_font=\u00bbLato||||||||\u00bb text_text_color=\u00bb#ffffff\u00bb text_font_size=\u00bb13px\u00bb header_font=\u00bb|on|||\u00bb header_font_size=\u00bb42px\u00bb header_line_height=\u00bb1.3em\u00bb background_layout=\u00bbdark\u00bb width=\u00bb88.9%\u00bb min_height=\u00bb95px\u00bb custom_padding=\u00bb|0px||||\u00bb header_font_size_tablet=\u00bb\u00bb header_font_size_phone=\u00bb\u00bb header_font_size_last_edited=\u00bbon|desktop\u00bb border_color_all=\u00bb#e02b20&#8243; locked=\u00bboff\u00bb] Es [&hellip;]<\/p>\n","protected":false},"author":2,"featured_media":0,"parent":49,"menu_order":3,"comment_status":"open","ping_status":"open","template":"","meta":{"_et_pb_use_builder":"on","_et_pb_old_content":"<p style=\"text-align: justify;\"><span style=\"font-size: medium; font-family: helvetica; color: #333333;\"><strong><img class=\"aligncenter size-full wp-image-163\" src=\"http:\/\/inspanamericano.edu.mx\/villaflores\/wp-content\/uploads\/2013\/02\/Instituto-Panamericano-Prepa-Abierta-en-Villaflores1.png\" alt=\"Instituto Panamericano, Prepa Abierta en Villaflores\" width=\"579\" height=\"318\">Duraci\u00f3n:<\/strong> Para concluir el ciclo no se establecen tiempos. Promedio m\u00ednimo de&nbsp; un a\u00f1o, m\u00e1ximo a\u00f1o y medio.<\/span><\/p>\n<p style=\"text-align: justify;\"><span style=\"font-size: medium; font-family: helvetica; color: #333333;\"><strong>Per\u00edodos:<\/strong> La solicitud y presentaci\u00f3n de ex\u00e1menes se realiza durante todo el a\u00f1o, en fases quincenales y est\u00e1 programada por etapas mensuales, de acuerdo al \u201cCalendario de Solicitud y&nbsp;&nbsp;Presentaci\u00f3n<\/span><\/p>\n<p style=\"text-align: justify;\"><\/p>","_et_gb_content_width":"","footnotes":"","_joinchat":[],"_links_to":"","_links_to_target":""},"_links":{"self":[{"href":"https:\/\/inspanamericano.edu.mx\/villaflores\/wp-json\/wp\/v2\/pages\/61"}],"collection":[{"href":"https:\/\/inspanamericano.edu.mx\/villaflores\/wp-json\/wp\/v2\/pages"}],"about":[{"href":"https:\/\/inspanamericano.edu.mx\/villaflores\/wp-json\/wp\/v2\/types\/page"}],"author":[{"embeddable":true,"href":"https:\/\/inspanamericano.edu.mx\/villaflores\/wp-json\/wp\/v2\/users\/2"}],"replies":[{"embeddable":true,"href":"https:\/\/inspanamericano.edu.mx\/villaflores\/wp-json\/wp\/v2\/comments?post=61"}],"version-history":[{"count":11,"href":"https:\/\/inspanamericano.edu.mx\/villaflores\/wp-json\/wp\/v2\/pages\/61\/revisions"}],"predecessor-version":[{"id":1224,"href":"https:\/\/inspanamericano.edu.mx\/villaflores\/wp-json\/wp\/v2\/pages\/61\/revisions\/1224"}],"up":[{"embeddable":true,"href":"https:\/\/inspanamericano.edu.mx\/villaflores\/wp-json\/wp\/v2\/pages\/49"}],"wp:attachment":[{"href":"https:\/\/inspanamericano.edu.mx\/villaflores\/wp-json\/wp\/v2\/media?parent=61"}],"curies":[{"name":"wp","href":"https:\/\/api.w.org\/{rel}","templated":true}]}}